{"id":3978,"date":"2024-12-30T14:26:55","date_gmt":"2024-12-30T13:26:55","guid":{"rendered":"https:\/\/ewspa.edu.pl\/e-czasopismo\/nr-4-2024\/skrocenie-tygodniowego-wymiaru-czasu-pracy-w-polsce-na-tle-wybranych-rozwiazan-europejskich\/"},"modified":"2025-01-13T13:19:47","modified_gmt":"2025-01-13T12:19:47","slug":"skrocenie-tygodniowego-wymiaru-czasu-pracy-w-polsce-na-tle-wybranych-rozwiazan-europejskich","status":"publish","type":"e-czasopismo","link":"https:\/\/ewspa.edu.pl\/en\/e-czasopismo\/nr-4-2024\/skrocenie-tygodniowego-wymiaru-czasu-pracy-w-polsce-na-tle-wybranych-rozwiazan-europejskich\/","title":{"rendered":"Reduction of the Weekly Working Time in Poland Against the Background of Selected European Solutions"},"content":{"rendered":"\n<h3 class=\"wp-block-heading\">Abstract<\/h3>\n\n\n\n<p>The article attempts to analyse the most important assumptions of the draft bill to establish a 35-hour working week in Poland, referred by the Left MPs to the Sejm of the Republic of Poland in September 2022. In particular, the legislative changes planned in<br>the Labour Code are presented and transitional provisions are indicated, which assume a gradual reduction of the weekly working time standard in Poland. In addition, the most important social and economic effects of the Act are characterised and the new<br>powers of the State Labour Inspectorate are presented. The article also contains a reference to selected countries of the European Union, in which the weekly working time is being reduced. Statistical data on the average number of hours actually worked per year<br>by an employee and the average number of weekly hours worked at the main job by an employee \u2013 in Poland, France, the Netherlands, Sweden and Iceland \u2013 are analysed.<\/p>\n\n\n\n<h3 class=\"wp-block-heading\">References<\/h3>\n\n\n\n<ol class=\"wp-block-list\">\n<li>Askenazy P. Working time regulation in France from 1996 to 2012 , \u201eCambridge Journal of Economics\u201d 2013, 37, 2.\u00a0<a href=\"https:\/\/scholar.google.com\/scholar?as_q=%22Askenazy%20P.%20Working%20time%20regulation%20in%20France%20from%201996%20to%202012%20,%20%E2%80%9ECambridge%20Journal%20of%20Economics%E2%80%9D%202013,%2037,%202.%22\" target=\"_blank\" rel=\"noreferrer noopener\">[Google Scholar]<\/a><\/li>\n\n\n\n<li>Assembl\u00e9e Nationale, Rapport fait au nom de la Commission d\u2019enqu\u00eate sur l\u2019impact soci\u00e9tal, social, \u00e9conomique et financier de la r\u00e9duction progressive du temps de travail, 2014,\u00a0<a href=\"http:\/\/www.assemblee-nationale.fr\/14\/rap-enq\/r2436.asp\">http:\/\/www.assemblee-nationale.fr\/14\/rap-enq\/r2436.asp<\/a>.\u00a0<a href=\"https:\/\/scholar.google.com\/scholar?as_q=%22Assembl%C3%A9e%20Nationale,%20Rapport%20fait%20au%20nom%20de%20la%20Commission%20d%E2%80%99enqu%C3%AAte%20sur%20l%E2%80%99impact%20soci%C3%A9tal,%20social,%20%C3%A9conomique%20et%20financier%20de%20la%20r%C3%A9duction%20progressive%20du%20temps%20de%20travail,%202014,%20%3Ca%20href=%22http:\/\/www.assemblee-nationale.fr\/14\/rap-enq\/r2436.asp%22%3Ehttp:\/\/www.assemblee-nationale.fr\/14\/rap-enq\/r2436.asp%3C\/a%3E.%22\" target=\"_blank\" rel=\"noreferrer noopener\">[Google Scholar]<\/a><\/li>\n\n\n\n<li>Berniell M.I., The Effects of Working Hours on Health Status and Health Behaviors, 2012,\u00a0<a href=\"http:\/\/conference.iza.org\/conference_files\/SUMS2012\/berniell_m7629.pdf\">http:\/\/conference.iza.org\/conference_files\/SUMS2012\/berniell_m7629.pdf<\/a>.\u00a0<a href=\"https:\/\/scholar.google.com\/scholar?as_q=%22Berniell%20M.I.,%20The%20Effects%20of%20Working%20Hours%20on%20Health%20Status%20and%20Health%20Behaviors,%202012,%20%3Ca%20href=%22http:\/\/conference.iza.org\/conference_files\/SUMS2012\/berniell_m7629.pdf%22%3Ehttp:\/\/conference.iza.org\/conference_files\/SUMS2012\/berniell_m7629.pdf%3C\/a%3E.%22\" target=\"_blank\" rel=\"noreferrer noopener\">[Google Scholar]<\/a><\/li>\n\n\n\n<li>Berniell M.I., Bietenbeck J., The Effect of Working Hours on Health, IZA Institute of Labor Economics Discussion Paper Series no. 10524, 2017,\u00a0<a href=\"http:\/\/ftp.iza.org\/dp10524.pdf\">http:\/\/ftp.iza.org\/dp10524.pdf<\/a>.\u00a0<a href=\"https:\/\/scholar.google.com\/scholar?as_q=%22Berniell%20M.I.,%20Bietenbeck%20J.,%20The%20Effect%20of%20Working%20Hours%20on%20Health,%20IZA%20Institute%20of%20Labor%20Economics%20Discussion%20Paper%20Series%20no.%2010524,%202017,%20%3Ca%20href=%22http:\/\/ftp.iza.org\/dp10524.pdf%22%3Ehttp:\/\/ftp.iza.org\/dp10524.pdf%3C\/a%3E.%22\" target=\"_blank\" rel=\"noreferrer noopener\">[Google Scholar]<\/a><\/li>\n\n\n\n<li>Employment Policy and the Regulation of Part-Time Work in the European Union: A comparative analysis, red. S. Sciarra, P. Davies, M. Freedland, Cambridge University Press, Cambridge 2011.\u00a0<a href=\"https:\/\/scholar.google.com\/scholar?as_q=%22Employment%20Policy%20and%20the%20Regulation%20of%20Part-Time%20Work%20in%20the%20European%20Union:%20A%20comparative%20analysis,%20red.%20S.%20Sciarra,%20P.%20Davies,%20M.%20Freedland,%20Cambridge%20University%20Press,%20Cambridge%202011.%22\" target=\"_blank\" rel=\"noreferrer noopener\">[Google Scholar]<\/a><\/li>\n\n\n\n<li>G\u0142\u00f3wny Urz\u0105d Statystyczny, Rocznik statystyczny pracy 2021,\u00a0<a href=\"https:\/\/stat.gov.pl\/obszary-tematyczne\/roczniki-statystyczne\/roczniki-statystyczne\/rocznik-statystyczny-pracy-2021,7,7.html\">https:\/\/stat.gov.pl\/obszary-tematyczne\/roczniki-statystyczne\/roczniki-statystyczne\/rocznik-statystyczny-pracy-2021,7,7.html<\/a>.\u00a0<a href=\"https:\/\/scholar.google.com\/scholar?as_q=%22G%C5%82%C3%B3wny%20Urz%C4%85d%20Statystyczny,%20Rocznik%20statystyczny%20pracy%202021,%20%3Ca%20href=%22https:\/\/stat.gov.pl\/obszary-tematyczne\/roczniki-statystyczne\/roczniki-statystyczne\/rocznik-statystyczny-pracy-2021,7,7.html%22%3Ehttps:\/\/stat.gov.pl\/obszary-tematyczne\/roczniki-statystyczne\/roczniki-statystyczne\/rocznik-statystyczny-pracy-2021,7,7.html%3C\/a%3E.%22\" target=\"_blank\" rel=\"noreferrer noopener\">[Google Scholar]<\/a><\/li>\n\n\n\n<li>G\u0142\u00f3wny Urz\u0105d Statystyczny, Wybrane aspekty rynku pracy w Polsce w 2022 r.,\u00a0<a href=\"https:\/\/stat.gov.pl\/obszary-tematyczne\/rynek-pracy\/zasady-metodyczne-rocznik-pracy\/wybrane-aspekty-rynku-pracy-w-polsce-w-2022-r-,4,3.html\">https:\/\/stat.gov.pl\/obszary-tematyczne\/rynek-pracy\/zasady-metodyczne-rocznik-pracy\/wybrane-aspekty-rynku-pracy-w-polsce-w-2022-r-,4,3.html<\/a>.\u00a0<a href=\"https:\/\/scholar.google.com\/scholar?as_q=%22G%C5%82%C3%B3wny%20Urz%C4%85d%20Statystyczny,%20Wybrane%20aspekty%20rynku%20pracy%20w%20Polsce%20w%202022%20r.,%20%3Ca%20href=%22https:\/\/stat.gov.pl\/obszary-tematyczne\/rynek-pracy\/zasady-metodyczne-rocznik-pracy\/wybrane-aspekty-rynku-pracy-w-polsce-w-2022-r-,4,3.html%22%3Ehttps:\/\/stat.gov.pl\/obszary-tematyczne\/rynek-pracy\/zasady-metodyczne-rocznik-pracy\/wybrane-aspekty-rynku-pracy-w-polsce-w-2022-r-,4,3.html%3C\/a%3E.%22\" target=\"_blank\" rel=\"noreferrer noopener\">[Google Scholar]<\/a><\/li>\n\n\n\n<li>G\u0142\u00f3wny Urz\u0105d Statystyczny, Rocznik Statystyczny Rzeczypospolitej Polskiej 2023,\u00a0<a href=\"https:\/\/stat.gov.pl\/obszary-tematyczne\/roczniki-statystyczne\/roczniki-statystyczne\/rocznik-statystyczny-rzeczypospolitej-polskiej-2023,2,23.html\">https:\/\/stat.gov.pl\/obszary-tematyczne\/roczniki-statystyczne\/roczniki-statystyczne\/rocznik-statystyczny-rzeczypospolitej-polskiej-2023,2,23.html<\/a>.\u00a0<a href=\"https:\/\/scholar.google.com\/scholar?as_q=%22G%C5%82%C3%B3wny%20Urz%C4%85d%20Statystyczny,%20Rocznik%20Statystyczny%20Rzeczypospolitej%20Polskiej%202023,%20%3Ca%20href=%22https:\/\/stat.gov.pl\/obszary-tematyczne\/roczniki-statystyczne\/roczniki-statystyczne\/rocznik-statystyczny-rzeczypospolitej-polskiej-2023,2,23.html%22%3Ehttps:\/\/stat.gov.pl\/obszary-tematyczne\/roczniki-statystyczne\/roczniki-statystyczne\/rocznik-statystyczny-rzeczypospolitej-polskiej-2023,2,23.html%3C\/a%3E.%22\" target=\"_blank\" rel=\"noreferrer noopener\">[Google Scholar]<\/a><\/li>\n\n\n\n<li>Haraldsson G.D., Kellam J., Going Public: Iceland\u2019s journey to a shorter working week, 2021,\u00a0<a href=\"https:\/\/en.alda.is\/wp-content\/uploads\/2021\/07\/ICELAND_4DW.pdf\">https:\/\/en.alda.is\/wp-content\/uploads\/2021\/07\/ICELAND_4DW.pdf<\/a>.\u00a0<a href=\"https:\/\/scholar.google.com\/scholar?as_q=%22Haraldsson%20G.D.,%20Kellam%20J.,%20Going%20Public:%20Iceland%E2%80%99s%20journey%20to%20a%20shorter%20working%20week,%202021,%20%3Ca%20href=%22https:\/\/en.alda.is\/wp-content\/uploads\/2021\/07\/ICELAND_4DW.pdf%22%3Ehttps:\/\/en.alda.is\/wp-content\/uploads\/2021\/07\/ICELAND_4DW.pdf%3C\/a%3E.%22\" target=\"_blank\" rel=\"noreferrer noopener\">[Google Scholar]<\/a><\/li>\n\n\n\n<li>Mali\u0144ska M., Prezenteizm \u2013 zjawisko nieefektywnej obecno\u015bci w pracy, \u201eMedycyna Pracy\u201d 2013, 64.\u00a0<a href=\"https:\/\/scholar.google.com\/scholar?as_q=%22Mali%C5%84ska%20M.,%20Prezenteizm%20%E2%80%93%20zjawisko%20nieefektywnej%20obecno%C5%9Bci%20w%20pracy,%20%E2%80%9EMedycyna%20Pracy%E2%80%9D%202013,%2064.%22\" target=\"_blank\" rel=\"noreferrer noopener\">[Google Scholar]<\/a><\/li>\n\n\n\n<li>Merecz D., W\u0119\u017cyk A., Prezentyzm \u2013 (nie)nowe zjawisko w \u015brodowisku pracy, \u201eMedycyna Pracy\u201d 2013, 64.\u00a0<a href=\"https:\/\/scholar.google.com\/scholar?as_q=%22Merecz%20D.,%20W%C4%99%C5%BCyk%20A.,%20Prezentyzm%20%E2%80%93%20(nie)nowe%20zjawisko%20w%20%C5%9Brodowisku%20pracy,%20%E2%80%9EMedycyna%20Pracy%E2%80%9D%202013,%2064.%22\" target=\"_blank\" rel=\"noreferrer noopener\">[Google Scholar]<\/a><\/li>\n\n\n\n<li>Raport PARP, Rynek pracy, edukacja, kompetencje. Aktualne trendy i wyniki bada\u0144, 2023,\u00a0<a href=\"https:\/\/www.parp.gov.pl\/component\/publications\/publication\/rynek-pracy-edukacja-kompetencje-aktualne-trendy-i-wyniki-badan-sierpien-2023#\">https:\/\/www.parp.gov.pl\/component\/publications\/publication\/rynek-pracy-edukacja-kompetencje-aktualne-trendy-i-wyniki-badan-sierpien-2023#<\/a>.\u00a0<a href=\"https:\/\/scholar.google.com\/scholar?as_q=%22Raport%20PARP,%20Rynek%20pracy,%20edukacja,%20kompetencje.%20Aktualne%20trendy%20i%20wyniki%20bada%C5%84,%202023,%20%3Ca%20href=%22https:\/\/www.parp.gov.pl\/component\/publications\/publication\/rynek-pracy-edukacja-kompetencje-aktualne-trendy-i-wyniki-badan-sierpien-2023#%22%3Ehttps:\/\/www.parp.gov.pl\/component\/publications\/publication\/rynek-pracy-edukacja-kompetencje-aktualne-trendy-i-wyniki-badan-sierpien-2023#%3C\/a%3E.%22\" target=\"_blank\" rel=\"noreferrer noopener\">[Google Scholar]<\/a><\/li>\n\n\n\n<li>Sahlgrenska Universitetssjukhuset, Ytterligare ett \u00e5r med sex timmars arbetsdag p\u00e5 M\u00f6lndals sjukhus, 2016\u00a0<a href=\"https:\/\/press.newsmachine.com\/pressrelease\/view\/pressmed-delande-ytterligare-ett-ar-med-sex-timmars-arbetsdag-pa-molndals-sjukhus-29196\">https:\/\/press.newsmachine.com\/pressrelease\/view\/pressmed-delande-ytterligare-ett-ar-med-sex-timmars-arbetsdag-pa-molndals-sjukhus-29196<\/a>.\u00a0<a href=\"https:\/\/scholar.google.com\/scholar?as_q=%22Sahlgrenska%20Universitetssjukhuset,%20Ytterligare%20ett%20%C3%A5r%20med%20sex%20timmars%20arbetsdag%20p%C3%A5%20M%C3%B6lndals%20sjukhus,%202016%20%3Ca%20href=%22https:\/\/press.newsmachine.com\/pressrelease\/view\/pressmed-delande-ytterligare-ett-ar-med-sex-timmars-arbetsdag-pa-molndals-sjukhus-29196%22%3Ehttps:\/\/press.newsmachine.com\/pressrelease\/view\/pressmed-delande-ytterligare-ett-ar-med-sex-timmars-arbetsdag-pa-molndals-sjukhus-29196%3C\/a%3E.%22\" target=\"_blank\" rel=\"noreferrer noopener\">[Google Scholar]<\/a><\/li>\n\n\n\n<li>Sanches S., Sustainable consumption \u00e0 la fran\u00e7aise? Conventional, innovative, and alternative approaches to sustainability and consumption in France, \u201eSustainability: Science, Practice and Policy\u201d 2005, 1.\u00a0<a href=\"https:\/\/scholar.google.com\/scholar?as_q=%22Sanches%20S.,%20Sustainable%20consumption%20%C3%A0%20la%20fran%C3%A7aise?%20Conventional,%20innovative,%20and%20alternative%20approaches%20to%20sustainability%20and%20consumption%20in%20France,%20%E2%80%9ESustainability:%20Science,%20Practice%20and%20Policy%E2%80%9D%202005,%201.%22\" target=\"_blank\" rel=\"noreferrer noopener\">[Google Scholar]<\/a><\/li>\n\n\n\n<li>Spiegelaere S. De, Piasna A., Dlaczego warto i jak nale\u017cy skr\u00f3ci\u0107 czas pracy?, Europejski Instytut Zwi\u0105zk\u00f3w Zawodowych (ETUI) 2020.\u00a0<a href=\"https:\/\/scholar.google.com\/scholar?as_q=%22Spiegelaere%20S.%20De,%20Piasna%20A.,%20Dlaczego%20warto%20i%20jak%20nale%C5%BCy%20skr%C3%B3ci%C4%87%20czas%20pracy?,%20Europejski%20Instytut%20Zwi%C4%85zk%C3%B3w%20Zawodowych%20(ETUI)%202020.%22\" target=\"_blank\" rel=\"noreferrer noopener\">[Google Scholar]<\/a><\/li>\n\n\n\n<li>Visser J., The First Part-Time Economy in the World: A model to be followed? , \u201eJournal of European Social Policy\u201d 2002, 12, 1.\u00a0<a href=\"https:\/\/scholar.google.com\/scholar?as_q=%22Visser%20J.,%20The%20First%20Part-Time%20Economy%20in%20the%20World:%20A%20model%20to%20be%20followed?%20,%20%E2%80%9EJournal%20of%20European%20Social%20Policy%E2%80%9D%202002,%2012,%201.%22\" target=\"_blank\" rel=\"noreferrer noopener\">[Google Scholar]<\/a><\/li>\n\n\n\n<li><a href=\"https:\/\/data-explorer.oecd.org\/?fs\">https:\/\/data-explorer.oecd.org\/?fs<\/a>[0]=Topic%2C1%7CJobs%23JOB%23%7CEmployment%23JOB_EMP%23&amp;pg=0&amp;fc=Topic&amp;bp=true&amp;snb=18.\u00a0<a href=\"https:\/\/scholar.google.com\/scholar?as_q=%22%3Ca%20href=%22https:\/\/data-explorer.oecd.org\/?fs%22%3Ehttps:\/\/data-explorer.oecd.org\/?fs%3C\/a%3E[0]=Topic%2C1%7CJobs%23JOB%23%7CEmployment%23JOB_EMP%23&amp;pg=0&amp;fc=Topic&amp;bp=true&amp;snb=18.%22\" target=\"_blank\" rel=\"noreferrer noopener\">[Google Scholar]<\/a><\/li>\n<\/ol>\n","protected":false},"featured_media":0,"parent":3952,"menu_order":0,"template":"","categories":[18],"class_list":["post-3978","e-czasopismo","type-e-czasopismo","status-publish","hentry","category-artykul-en"],"acf":[],"_links":{"self":[{"href":"https:\/\/ewspa.edu.pl\/en\/wp-json\/wp\/v2\/e-czasopismo\/3978"}],"collection":[{"href":"https:\/\/ewspa.edu.pl\/en\/wp-json\/wp\/v2\/e-czasopismo"}],"about":[{"href":"https:\/\/ewspa.edu.pl\/en\/wp-json\/wp\/v2\/types\/e-czasopismo"}],"up":[{"embeddable":true,"href":"https:\/\/ewspa.edu.pl\/en\/wp-json\/wp\/v2\/e-czasopismo\/3952"}],"wp:attachment":[{"href":"https:\/\/ewspa.edu.pl\/en\/wp-json\/wp\/v2\/media?parent=3978"}],"wp:term":[{"taxonomy":"category","embeddable":true,"href":"https:\/\/ewspa.edu.pl\/en\/wp-json\/wp\/v2\/categories?post=3978"}],"curies":[{"name":"wp","href":"https:\/\/api.w.org\/{rel}","templated":true}]}}