{"id":3961,"date":"2024-12-30T14:48:58","date_gmt":"2024-12-30T13:48:58","guid":{"rendered":"https:\/\/ewspa.edu.pl\/e-czasopismo\/nr-4-2024\/wspolczesne-prawo-wewnetrzne-swiadkow-jehowy-w-polsce-na-tle-krajowych-praw-i-wolnosci-konstytucyjnych\/"},"modified":"2025-01-13T13:58:15","modified_gmt":"2025-01-13T12:58:15","slug":"wspolczesne-prawo-wewnetrzne-swiadkow-jehowy-w-polsce-na-tle-krajowych-praw-i-wolnosci-konstytucyjnych","status":"publish","type":"e-czasopismo","link":"https:\/\/ewspa.edu.pl\/en\/e-czasopismo\/nr-4-2024\/wspolczesne-prawo-wewnetrzne-swiadkow-jehowy-w-polsce-na-tle-krajowych-praw-i-wolnosci-konstytucyjnych\/","title":{"rendered":"Contemporary Internal (Domestic) Law of Jehovah\u2019s Witnesses in Poland Against the Back- ground of National Constitutional Rights and Freedoms"},"content":{"rendered":"\n<h3 class=\"wp-block-heading\">Abstract<\/h3>\n\n\n\n<p>The current internal (domestic) law of this religious association encompasses a number of complex issues; these include biblical teachings, procedures of conduct adopted by the Governing Body, guidelines of this Governing Body \u2013 contained in letters, publi-<br>cations and verbally transmitted orders \u2013 as well as guidelines of the Branch Committee that fall within the authority of this body. Thus, the internal law, together with its sources, has a very broad scope \u2013 which for those outside the community of believers<br>can pose problems of interpretation. Information provided by the Governing Body and Branch Committees can be found in periodic publications of Jehovah\u2019s Witnesses, such as \u201cWatchtower\u201d and \u201cAwake!\u201d. Polish state law includes many norms protecting freedom of religion, including that of the confession. Nevertheless, there is sometimes a confluence of norms of a religious association and state law \u2013 which happens to have to be evaluated and decided by a common court, taking into account, among other things, international and constitutional norms in Poland.<\/p>\n\n\n\n<h3 class=\"wp-block-heading\">References<\/h3>\n\n\n\n<ol class=\"wp-block-list\">\n<li>Bagi\u0144ski E, \u015awiadkowie Jehowy. Pochodzenie, historia, wierzenia, Krak\u00f3w 1997.\u00a0<a href=\"https:\/\/scholar.google.com\/scholar?as_q=%22Bagi%C5%84ski%20E,%20%C5%9Awiadkowie%20Jehowy.%20Pochodzenie,%20historia,%20wierzenia,%20Krak%C3%B3w%201997.%22\" target=\"_blank\" rel=\"noreferrer noopener\">[Google Scholar]<\/a><\/li>\n\n\n\n<li>Bednarski W., Matusiak S., Zmienne nauki \u015awiadk\u00f3w Jehowy. Najwa\u017cniejsze zmiany w doktrynie Towarzystwa Stra\u017cnica w latach 1879\u20132011, Warszawa 2012.\u00a0<a href=\"https:\/\/scholar.google.com\/scholar?as_q=%22Bednarski%20W.,%20Matusiak%20S.,%20Zmienne%20nauki%20%C5%9Awiadk%C3%B3w%20Jehowy.%20Najwa%C5%BCniejsze%20zmiany%20w%20doktrynie%20Towarzystwa%20Stra%C5%BCnica%20w%20latach%201879%E2%80%932011,%20Warszawa%202012.%22\" target=\"_blank\" rel=\"noreferrer noopener\">[Google Scholar]<\/a><\/li>\n\n\n\n<li>Bielecki M., Przetwarzanie danych osobowych przez \u015awiadk\u00f3w Jehowy, \u201ePrzegl\u0105d Prawno-Ekonomiczny\u201d 2017, 40, 3.\u00a0<a href=\"https:\/\/scholar.google.com\/scholar?as_q=%22Bielecki%20M.,%20Przetwarzanie%20danych%20osobowych%20przez%20%C5%9Awiadk%C3%B3w%20Jehowy,%20%E2%80%9EPrzegl%C4%85d%20Prawno-Ekonomiczny%E2%80%9D%202017,%2040,%203.%22\" target=\"_blank\" rel=\"noreferrer noopener\">[Google Scholar]<\/a><\/li>\n\n\n\n<li>Bielecki M., Status osoby duchownej w zwi\u0105zku wyznaniowym. \u015awiadkowie Jehowy w Polsce, \u201eStudia z Prawa Wyznaniowego\u201d 2018, 21.\u00a0<a href=\"https:\/\/scholar.google.com\/scholar?as_q=%22Bielecki%20M.,%20Status%20osoby%20duchownej%20w%20zwi%C4%85zku%20wyznaniowym.%20%C5%9Awiadkowie%20Jehowy%20w%20Polsce,%20%E2%80%9EStudia%20z%20Prawa%20Wyznaniowego%E2%80%9D%202018,%2021.%22\" target=\"_blank\" rel=\"noreferrer noopener\">[Google Scholar]<\/a><\/li>\n\n\n\n<li>Bielecki M., Glosa do wyroku Wojew\u00f3dzkiego S\u0105du Administracyjnego w Szczecinie z 14 czerwca 2018 r., II SA\/Sz 462\/18, \u201eStudia Prawnoustrojowe\u201d 2020, 48.\u00a0<a href=\"https:\/\/scholar.google.com\/scholar?as_q=%22Bielecki%20M.,%20Glosa%20do%20wyroku%20Wojew%C3%B3dzkiego%20S%C4%85du%20Administracyjnego%20w%20Szczecinie%20z%2014%20czerwca%202018%20r.,%20II%20SA\/Sz%20462\/18,%20%E2%80%9EStudia%20Prawnoustrojowe%E2%80%9D%202020,%2048.%22\" target=\"_blank\" rel=\"noreferrer noopener\">[Google Scholar]<\/a><\/li>\n\n\n\n<li>Chabasi\u0144ska A., Polityka w\u0142adz wobec mniejszo\u015bci wyznaniowych w Polsce w latach 1945\u20131956, \u201eStudia Lubuskie\u201d 2009, 5.\u00a0<a href=\"https:\/\/scholar.google.com\/scholar?as_q=%22Chabasi%C5%84ska%20A.,%20Polityka%20w%C5%82adz%20wobec%20mniejszo%C5%9Bci%20wyznaniowych%20w%20Polsce%20w%20latach%201945%E2%80%931956,%20%E2%80%9EStudia%20Lubuskie%E2%80%9D%202009,%205.%22\" target=\"_blank\" rel=\"noreferrer noopener\">[Google Scholar]<\/a><\/li>\n\n\n\n<li>Cieciel\u0105g P. i in., Wyznania religijne w Polsce w latach 2015\u20132018, Warszawa 2020.\u00a0<a href=\"https:\/\/scholar.google.com\/scholar?as_q=%22Cieciel%C4%85g%20P.%20i%20in.,%20Wyznania%20religijne%20w%20Polsce%20w%20latach%202015%E2%80%932018,%20Warszawa%202020.%22\" target=\"_blank\" rel=\"noreferrer noopener\">[Google Scholar]<\/a><\/li>\n\n\n\n<li>Grelewski S., Sekty religijne w Polsce wsp\u00f3\u0142czesnej, Sandomierz 1937.\u00a0<a href=\"https:\/\/scholar.google.com\/scholar?as_q=%22Grelewski%20S.,%20Sekty%20religijne%20w%20Polsce%20wsp%C3%B3%C5%82czesnej,%20Sandomierz%201937.%22\" target=\"_blank\" rel=\"noreferrer noopener\">[Google Scholar]<\/a><\/li>\n\n\n\n<li>Jasi\u0144ski G., Pr\u00f3ba likwidacji wyznania \u015awiadk\u00f3w Jehowy w Polsce w drugiej po\u0142owie 1950 roku. Zarys zagadnienia, \u201eEcha Przesz\u0142o\u015bci\u201d 2020, XXI, 2.\u00a0<a href=\"https:\/\/scholar.google.com\/scholar?as_q=%22Jasi%C5%84ski%20G.,%20Pr%C3%B3ba%20likwidacji%20wyznania%20%C5%9Awiadk%C3%B3w%20Jehowy%20w%20Polsce%20w%20drugiej%20po%C5%82owie%201950%20roku.%20Zarys%20zagadnienia,%20%E2%80%9EEcha%20Przesz%C5%82o%C5%9Bci%E2%80%9D%202020,%20XXI,%202.%22\" target=\"_blank\" rel=\"noreferrer noopener\">[Google Scholar]<\/a><\/li>\n\n\n\n<li>Kaczmarczyk R., Ochrona swobody sumienia jako dobra osobistego osoby niewierz\u0105cej. Glosa do wyroku SN z 20 wrze\u015bnia 2013 r., II CSK 1\/13, \u201ePa\u0144stwo i Prawo\u201d 2017, 3.\u00a0<a href=\"https:\/\/scholar.google.com\/scholar?as_q=%22Kaczmarczyk%20R.,%20Ochrona%20swobody%20sumienia%20jako%20dobra%20osobistego%20osoby%20niewierz%C4%85cej.%20Glosa%20do%20wyroku%20SN%20z%2020%20wrze%C5%9Bnia%202013%20r.,%20II%20CSK%201\/13,%20%E2%80%9EPa%C5%84stwo%20i%20Prawo%E2%80%9D%202017,%203.%22\" target=\"_blank\" rel=\"noreferrer noopener\">[Google Scholar]<\/a><\/li>\n\n\n\n<li>Komentarz do Konstytucji RP, red. M. Safjan, L. Bosek, Warszawa 2016.\u00a0<a href=\"https:\/\/scholar.google.com\/scholar?as_q=%22Komentarz%20do%20Konstytucji%20RP,%20red.%20M.%20Safjan,%20L.%20Bosek,%20Warszawa%202016.%22\" target=\"_blank\" rel=\"noreferrer noopener\">[Google Scholar]<\/a><\/li>\n\n\n\n<li>Krukowski J., Polskie prawo wyznaniowe, Warszawa 2000.\u00a0<a href=\"https:\/\/scholar.google.com\/scholar?as_q=%22Krukowski%20J.,%20Polskie%20prawo%20wyznaniowe,%20Warszawa%202000.%22\" target=\"_blank\" rel=\"noreferrer noopener\">[Google Scholar]<\/a><\/li>\n\n\n\n<li>Krzysztofek K., Stanowisko \u015awiadk\u00f3w Jehowy wobec wybranych wsp\u00f3\u0142czesnych procedur medycznych w \u015bwietle prawa polskiego, \u201eStudia z Prawa Wyznaniowego\u201d 2015, 18.\u00a0<a href=\"https:\/\/scholar.google.com\/scholar?as_q=%22Krzysztofek%20K.,%20Stanowisko%20%C5%9Awiadk%C3%B3w%20Jehowy%20wobec%20wybranych%20wsp%C3%B3%C5%82czesnych%20procedur%20medycznych%20w%20%C5%9Bwietle%20prawa%20polskiego,%20%E2%80%9EStudia%20z%20Prawa%20Wyznaniowego%E2%80%9D%202015,%2018.%22\" target=\"_blank\" rel=\"noreferrer noopener\">[Google Scholar]<\/a><\/li>\n\n\n\n<li>Mezglewski A., Prawo ma\u0142\u017ce\u0144skie Ko\u015bcio\u0142\u00f3w chrze\u015bcija\u0144skich w Polsce a forma wyznaniowa zawarcia ma\u0142\u017ce\u0144stwa cywilnego, red. T. Zieli\u0144ski, M. Huca\u0142, Warszawa 2016.\u00a0<a href=\"https:\/\/scholar.google.com\/scholar?as_q=%22Mezglewski%20A.,%20Prawo%20ma%C5%82%C5%BCe%C5%84skie%20Ko%C5%9Bcio%C5%82%C3%B3w%20chrze%C5%9Bcija%C5%84skich%20w%20Polsce%20a%20forma%20wyznaniowa%20zawarcia%20ma%C5%82%C5%BCe%C5%84stwa%20cywilnego,%20red.%20T.%20Zieli%C5%84ski,%20M.%20Huca%C5%82,%20Warszawa%202016.%22\" target=\"_blank\" rel=\"noreferrer noopener\">[Google Scholar]<\/a><\/li>\n\n\n\n<li>Mezglewski A., Stolica Apostolska i Pa\u0144stwo Watyka\u0144skie jako podmioty prawa mi\u0119dzynarodowego, \u201eStudia z Prawa Wyznaniowego\u201d 2005, 8.\u00a0<a href=\"https:\/\/scholar.google.com\/scholar?as_q=%22Mezglewski%20A.,%20Stolica%20Apostolska%20i%20Pa%C5%84stwo%20Watyka%C5%84skie%20jako%20podmioty%20prawa%20mi%C4%99dzynarodowego,%20%E2%80%9EStudia%20z%20Prawa%20Wyznaniowego%E2%80%9D%202005,%208.%22\" target=\"_blank\" rel=\"noreferrer noopener\">[Google Scholar]<\/a><\/li>\n\n\n\n<li>M\u0119dzelowski T., Mniejszo\u015bci religijne w Polsce po 1989 r. w uj\u0119ciu filozofii polityki, Tarn\u00f3w 2013.\u00a0<a href=\"https:\/\/scholar.google.com\/scholar?as_q=%22M%C4%99dzelowski%20T.,%20Mniejszo%C5%9Bci%20religijne%20w%20Polsce%20po%201989%20r.%20w%20uj%C4%99ciu%20filozofii%20polityki,%20Tarn%C3%B3w%202013.%22\" target=\"_blank\" rel=\"noreferrer noopener\">[Google Scholar]<\/a><\/li>\n\n\n\n<li>Michalak R., Polityka wyznaniowa pa\u0144stwa polskiego wobec mniejszo\u015bci religijnych w latach 1945\u20131989, Zielona G\u00f3ra 2014.\u00a0<a href=\"https:\/\/scholar.google.com\/scholar?as_q=%22Michalak%20R.,%20Polityka%20wyznaniowa%20pa%C5%84stwa%20polskiego%20wobec%20mniejszo%C5%9Bci%20religijnych%20w%20latach%201945%E2%80%931989,%20Zielona%20G%C3%B3ra%202014.%22\" target=\"_blank\" rel=\"noreferrer noopener\">[Google Scholar]<\/a><\/li>\n\n\n\n<li>Pietrzak M., Demokratyczne \u015bwieckie pa\u0144stwo prawne, Warszawa 1999.\u00a0<a href=\"https:\/\/scholar.google.com\/scholar?as_q=%22Pietrzak%20M.,%20Demokratyczne%20%C5%9Bwieckie%20pa%C5%84stwo%20prawne,%20Warszawa%201999.%22\" target=\"_blank\" rel=\"noreferrer noopener\">[Google Scholar]<\/a><\/li>\n\n\n\n<li>Pietrzak M., Prawo wyznaniowe, Warszawa 1999.\u00a0<a href=\"https:\/\/scholar.google.com\/scholar?as_q=%22Pietrzak%20M.,%20Prawo%20wyznaniowe,%20Warszawa%201999.%22\" target=\"_blank\" rel=\"noreferrer noopener\">[Google Scholar]<\/a><\/li>\n\n\n\n<li>Prawo i religia, tom 1, red. T.J. Zieli\u0144ski, Warszawa 2007.\u00a0<a href=\"https:\/\/scholar.google.com\/scholar?as_q=%22Prawo%20i%20religia,%20tom%201,%20red.%20T.J.%20Zieli%C5%84ski,%20Warszawa%202007.%22\" target=\"_blank\" rel=\"noreferrer noopener\">[Google Scholar]<\/a><\/li>\n\n\n\n<li>Serzhanova V., Tuora-Schwierskott E., Wolno\u015b\u0107 sumienia i wyznania w Konstytucji Rzeczypospolitej Polskiej, \u201eGda\u0144skie Studia Prawnicze\u201d 2018, XL.\u00a0<a href=\"https:\/\/scholar.google.com\/scholar?as_q=%22Serzhanova%20V.,%20Tuora-Schwierskott%20E.,%20Wolno%C5%9B%C4%87%20sumienia%20i%20wyznania%20w%20Konstytucji%20Rzeczypospolitej%20Polskiej,%20%E2%80%9EGda%C5%84skie%20Studia%20Prawnicze%E2%80%9D%202018,%20XL.%22\" target=\"_blank\" rel=\"noreferrer noopener\">[Google Scholar]<\/a><\/li>\n\n\n\n<li>Sobczak J., Go\u0142da-Sobczak M., Wolno\u015b\u0107 sumienia i wyznania jako prawo cz\u0142owieka , \u201eAnnales Universitatis Mariae Curie-Sk\u0142odowska\u201d 2012, XIX, 1, sec. K.\u00a0<a href=\"https:\/\/scholar.google.com\/scholar?as_q=%22Sobczak%20J.,%20Go%C5%82da-Sobczak%20M.,%20Wolno%C5%9B%C4%87%20sumienia%20i%20wyznania%20jako%20prawo%20cz%C5%82owieka%20,%20%E2%80%9EAnnales%20Universitatis%20Mariae%20Curie-Sk%C5%82odowska%E2%80%9D%202012,%20XIX,%201,%20sec.%20K.%22\" target=\"_blank\" rel=\"noreferrer noopener\">[Google Scholar]<\/a><\/li>\n\n\n\n<li>Sorka K., Analiza aktualnego polskiego orzecznictwa w zakresie wolno\u015bci religijnej, Warszawa 2019.\u00a0<a href=\"https:\/\/scholar.google.com\/scholar?as_q=%22Sorka%20K.,%20Analiza%20aktualnego%20polskiego%20orzecznictwa%20w%20zakresie%20wolno%C5%9Bci%20religijnej,%20Warszawa%202019.%22\" target=\"_blank\" rel=\"noreferrer noopener\">[Google Scholar]<\/a><\/li>\n\n\n\n<li>Urban K., Mniejszo\u015bci religijne w Polsce 1945\u20131991 (zarys statystyczny), Krak\u00f3w 1994.\u00a0<a href=\"https:\/\/scholar.google.com\/scholar?as_q=%22Urban%20K.,%20Mniejszo%C5%9Bci%20religijne%20w%20Polsce%201945%E2%80%931991%20(zarys%20statystyczny),%20Krak%C3%B3w%201994.%22\" target=\"_blank\" rel=\"noreferrer noopener\">[Google Scholar]<\/a><\/li>\n\n\n\n<li>Winiarczyk-Kossakowska M., Wolno\u015b\u0107 sumienia i religi i, \u201eStudia Prawnicze\u201d 2001, 1, 147.\u00a0<a href=\"https:\/\/scholar.google.com\/scholar?as_q=%22Winiarczyk-Kossakowska%20M.,%20Wolno%C5%9B%C4%87%20sumienia%20i%20religi%20i,%20%E2%80%9EStudia%20Prawnicze%E2%80%9D%202001,%201,%20147.%22\" target=\"_blank\" rel=\"noreferrer noopener\">[Google Scholar]<\/a><\/li>\n\n\n\n<li>W\u0142adze Polski Ludowej a mniejszo\u015bciowe zwi\u0105zki wyznaniowe, red. T.J. Zieli\u0144ski, Warszawa\u2013Katowice 2010.\u00a0<a href=\"https:\/\/scholar.google.com\/scholar?as_q=%22W%C5%82adze%20Polski%20Ludowej%20a%20mniejszo%C5%9Bciowe%20zwi%C4%85zki%20wyznaniowe,%20red.%20T.J.%20Zieli%C5%84ski,%20Warszawa%E2%80%93Katowice%202010.%22\" target=\"_blank\" rel=\"noreferrer noopener\">[Google Scholar]<\/a><\/li>\n\n\n\n<li>Wysocza\u0144ski W., Prawo wewn\u0119trzne ko\u015bcio\u0142\u00f3w i wyzna\u0144 nierzymskokatolickich w PRL, Warszawa 1971.\u00a0<a href=\"https:\/\/scholar.google.com\/scholar?as_q=%22Wysocza%C5%84ski%20W.,%20Prawo%20wewn%C4%99trzne%20ko%C5%9Bcio%C5%82%C3%B3w%20i%20wyzna%C5%84%20nierzymskokatolickich%20w%20PRL,%20Warszawa%201971.%22\" target=\"_blank\" rel=\"noreferrer noopener\">[Google Scholar]<\/a><\/li>\n\n\n\n<li>Zieli\u0144ski T.J., Rozdzia\u0142 ko\u015bcio\u0142a i pa\u0144stwa, Warszawa 2020.\u00a0<a href=\"https:\/\/scholar.google.com\/scholar?as_q=%22Zieli%C5%84ski%20T.J.,%20Rozdzia%C5%82%20ko%C5%9Bcio%C5%82a%20i%20pa%C5%84stwa,%20Warszawa%202020.%22\" target=\"_blank\" rel=\"noreferrer noopener\">[Google Scholar]<\/a><\/li>\n\n\n\n<li>Zieli\u0144ski T.J., Systemy prawnej ochrony wolno\u015bci religijnej o zasi\u0119gu mi\u0119dzynarodowym, \u201eStudia Politologiczne\u201d 2020, 23.\u00a0<a href=\"https:\/\/scholar.google.com\/scholar?as_q=%22Zieli%C5%84ski%20T.J.,%20Systemy%20prawnej%20ochrony%20wolno%C5%9Bci%20religijnej%20o%20zasi%C4%99gu%20mi%C4%99dzynarodowym,%20%E2%80%9EStudia%20Politologiczne%E2%80%9D%202020,%2023.%22\" target=\"_blank\" rel=\"noreferrer noopener\">[Google Scholar]<\/a><\/li>\n\n\n\n<li>Zydek F., Charles Taze Russell \u2013 jego \u017cycie i czasy. Cz\u0142owiek. Millennium i pos\u0142annictwo, Bia\u0142ogard 2016.\u00a0<a href=\"https:\/\/scholar.google.com\/scholar?as_q=%22Zydek%20F.,%20Charles%20Taze%20Russell%20%E2%80%93%20jego%20%C5%BCycie%20i%20czasy.%20Cz%C5%82owiek.%20Millennium%20i%20pos%C5%82annictwo,%20Bia%C5%82ogard%202016.%22\" target=\"_blank\" rel=\"noreferrer noopener\">[Google Scholar]<\/a><\/li>\n\n\n\n<li>\u017bywica A., Pozycja prawna \u015bwiadka Jehowy w odniesieniu do ma\u0142\u017ce\u0144stwa mieszanego z katolikiem z perspektywy wymog\u00f3w okre\u015blonych w kan. 1086 \u00a7 2 i kan. 1125, n. 2\u20133 KPK, \u201eStudia Redemptorystowskie\u201d 2020, 18.\u00a0<a href=\"https:\/\/scholar.google.com\/scholar?as_q=%22%C5%BBywica%20A.,%20Pozycja%20prawna%20%C5%9Bwiadka%20Jehowy%20w%20odniesieniu%20do%20ma%C5%82%C5%BCe%C5%84stwa%20mieszanego%20z%20katolikiem%20z%20perspektywy%20wymog%C3%B3w%20okre%C5%9Blonych%20w%20kan.%201086%20%C2%A7%202%20i%20kan.%201125,%20n.%202%E2%80%933%20KPK,%20%E2%80%9EStudia%20Redemptorystowskie%E2%80%9D%202020,%2018.%22\" target=\"_blank\" rel=\"noreferrer noopener\">[Google Scholar]<\/a><\/li>\n\n\n\n<li>file:\/\/\/C:\/Users\/HP8100\/Downloads\/wyznania_religijne_w_polsce_2015-2018.pdf [dost\u0119p: 14.09.2022].\u00a0<a href=\"https:\/\/scholar.google.com\/scholar?as_q=%22file:\/\/\/C:\/Users\/HP8100\/Downloads\/wyznania_religijne_w_polsce_2015-2018.pdf%20[dost%C4%99p:%2014.09.2022].%22\" target=\"_blank\" rel=\"noreferrer noopener\">[Google Scholar]<\/a><\/li>\n\n\n\n<li><a href=\"http:\/\/www.racjonalista.pl\/xpliki\/statut_sw_jehowy.pdf\">http:\/\/www.racjonalista.pl\/xpliki\/statut_sw_jehowy.pdf<\/a>\u00a0[dost\u0119p: 14.09.2022].\u00a0<a href=\"https:\/\/scholar.google.com\/scholar?as_q=%22%3Ca%20href=%22http:\/\/www.racjonalista.pl\/xpliki\/statut_sw_jehowy.pdf%22%3Ehttp:\/\/www.racjonalista.pl\/xpliki\/statut_sw_jehowy.pdf%3C\/a%3E%20[dost%C4%99p:%2014.09.2022].%22\" target=\"_blank\" rel=\"noreferrer noopener\">[Google Scholar]<\/a><\/li>\n\n\n\n<li><a href=\"https:\/\/www.jw.org\/pl\/%C5%9Bwiadkowie-jehowy\/faq\/swiadkowie-jehowy-zmiany-w-wierzeniach\/\">https:\/\/www.jw.org\/pl\/%C5%9Bwiadkowie-jehowy\/faq\/swiadkowie-jehowy-zmiany-w-wierzeniach\/<\/a>\u00a0[dost\u0119p: 15.09.2022].\u00a0<a href=\"https:\/\/scholar.google.com\/scholar?as_q=%22%3Ca%20href=%22https:\/\/www.jw.org\/pl\/%C5%9Bwiadkowie-jehowy\/faq\/swiadkowie-jehowy-zmiany-w-wierzeniach\/%22%3Ehttps:\/\/www.jw.org\/pl\/%C5%9Bwiadkowie-jehowy\/faq\/swiadkowie-jehowy-zmiany-w-wierzeniach\/%3C\/a%3E%20[dost%C4%99p:%2015.09.2022].%22\" target=\"_blank\" rel=\"noreferrer noopener\">[Google Scholar]<\/a><\/li>\n\n\n\n<li><a href=\"https:\/\/www.jw.org\/pl\/polityka-prywatnosci\/globalna-polityka-ochrony-danych\/\">https:\/\/www.jw.org\/pl\/polityka-prywatnosci\/globalna-polityka-ochrony-danych\/<\/a>[dost\u0119p: 15.09.2022].\u00a0<a href=\"https:\/\/scholar.google.com\/scholar?as_q=%22%3Ca%20href=%22https:\/\/www.jw.org\/pl\/polityka-prywatnosci\/globalna-polityka-ochrony-danych\/%22%3Ehttps:\/\/www.jw.org\/pl\/polityka-prywatnosci\/globalna-polityka-ochrony-danych\/%3C\/a%3E[dost%C4%99p:%2015.09.2022].%22\" target=\"_blank\" rel=\"noreferrer noopener\">[Google Scholar]<\/a><\/li>\n\n\n\n<li><a href=\"https:\/\/www.sccs.pl\/static\/upload\/store\/dla_pacjentow\/swiadkowie-jehowy---stanowisko-w-sprawie-leczenia-i-opieki_1.pdf\">https:\/\/www.sccs.pl\/static\/upload\/store\/dla_pacjentow\/swiadkowie-jehowy&#8212;stanowisko-w-sprawie-leczenia-i-opieki_1.pdf<\/a>\u00a0[dost\u0119p: 15.09.2022].\u00a0<a href=\"https:\/\/scholar.google.com\/scholar?as_q=%22%3Ca%20href=%22https:\/\/www.sccs.pl\/static\/upload\/store\/dla_pacjentow\/swiadkowie-jehowy---stanowisko-w-sprawie-leczenia-i-opieki_1.pdf%22%3Ehttps:\/\/www.sccs.pl\/static\/upload\/store\/dla_pacjentow\/swiadkowie-jehowy---stanowisko-w-sprawie-leczenia-i-opieki_1.pdf%3C\/a%3E%20[dost%C4%99p:%2015.09.2022].%22\" target=\"_blank\" rel=\"noreferrer noopener\">[Google Scholar]<\/a><\/li>\n\n\n\n<li><a href=\"https:\/\/www.jw.org\/pl\/biblioteka\/czasopisma\/w20051101\/Pytania-czytelnik%C3%B3w\/\">https:\/\/www.jw.org\/pl\/biblioteka\/czasopisma\/w20051101\/Pytania-czytelnik%C3%B3w\/<\/a>[dost\u0119p: 15.09.2022].\u00a0<a href=\"https:\/\/scholar.google.com\/scholar?as_q=%22%3Ca%20href=%22https:\/\/www.jw.org\/pl\/biblioteka\/czasopisma\/w20051101\/Pytania-czytelnik%C3%B3w\/%22%3Ehttps:\/\/www.jw.org\/pl\/biblioteka\/czasopisma\/w20051101\/Pytania-czytelnik%C3%B3w\/%3C\/a%3E[dost%C4%99p:%2015.09.2022].%22\" target=\"_blank\" rel=\"noreferrer noopener\">[Google Scholar]<\/a><\/li>\n\n\n\n<li><a href=\"https:\/\/www.jw.org\/pl\/biblioteka\/czasopisma\/\">https:\/\/www.jw.org\/pl\/biblioteka\/czasopisma\/<\/a>\u00a0[dost\u0119p: 15.09.2022].\u00a0<a href=\"https:\/\/scholar.google.com\/scholar?as_q=%22%3Ca%20href=%22https:\/\/www.jw.org\/pl\/biblioteka\/czasopisma\/%22%3Ehttps:\/\/www.jw.org\/pl\/biblioteka\/czasopisma\/%3C\/a%3E%20[dost%C4%99p:%2015.09.2022].%22\" target=\"_blank\" rel=\"noreferrer noopener\">[Google Scholar]<\/a><\/li>\n\n\n\n<li>file:\/\/\/C:\/Users\/HP8100\/Downloads\/12_09_2022_koscioly_i_zwiazki_wyznaniowe%20 (1).pdf [dost\u0119p: 14.09.2022].\u00a0<a href=\"https:\/\/scholar.google.com\/scholar?as_q=%22file:\/\/\/C:\/Users\/HP8100\/Downloads\/12_09_2022_koscioly_i_zwiazki_wyznaniowe%20%20(1).pdf%20[dost%C4%99p:%2014.09.2022].%22\" target=\"_blank\" rel=\"noreferrer noopener\">[Google Scholar]<\/a><\/li>\n\n\n\n<li><a href=\"https:\/\/www.jw.org\/pl\/biblioteka\/ksi%C4%85%C5%BCki\/sprawozdanie-z-dzialalnosci-2020\/najwazniejsze-dane-2020\/\">https:\/\/www.jw.org\/pl\/biblioteka\/ksi%C4%85%C5%BCki\/sprawozdanie-z-dzialalnosci-2020\/najwazniejsze-dane-2020\/<\/a>\u00a0[dost\u0119p: 14.09.2022].\u00a0<a href=\"https:\/\/scholar.google.com\/scholar?as_q=%22%3Ca%20href=%22https:\/\/www.jw.org\/pl\/biblioteka\/ksi%C4%85%C5%BCki\/sprawozdanie-z-dzialalnosci-2020\/najwazniejsze-dane-2020\/%22%3Ehttps:\/\/www.jw.org\/pl\/biblioteka\/ksi%C4%85%C5%BCki\/sprawozdanie-z-dzialalnosci-2020\/najwazniejsze-dane-2020\/%3C\/a%3E%20[dost%C4%99p:%2014.09.2022].%22\" target=\"_blank\" rel=\"noreferrer noopener\">[Google Scholar]<\/a><\/li>\n\n\n\n<li><a href=\"https:\/\/www.jw.org\/pl\/biblioteka\/materialy-wideo\/#pl\/mediaitems\/pub-lffv_191_VI-DEO\">https:\/\/www.jw.org\/pl\/biblioteka\/materialy-wideo\/#pl\/mediaitems\/pub-lffv_191_VI-DEO<\/a>\u00a0[dost\u0119p: 23.08.2023].\u00a0<a href=\"https:\/\/scholar.google.com\/scholar?as_q=%22%3Ca%20href=%22https:\/\/www.jw.org\/pl\/biblioteka\/materialy-wideo\/#pl\/mediaitems\/pub-lffv_191_VI-DEO%22%3Ehttps:\/\/www.jw.org\/pl\/biblioteka\/materialy-wideo\/#pl\/mediaitems\/pub-lffv_191_VI-DEO%3C\/a%3E%20[dost%C4%99p:%2023.08.2023].%22\" target=\"_blank\" rel=\"noreferrer noopener\">[Google Scholar]<\/a><\/li>\n\n\n\n<li><a href=\"https:\/\/www.gosc.pl\/doc\/7994298.Ochrona-wolnosci-religijnej-w-Polsce-stan-prawny-a-rzeczywistosc\">https:\/\/www.gosc.pl\/doc\/7994298.Ochrona-wolnosci-religijnej-w-Polsce-stan-prawny-a-rzeczywistosc<\/a>\u00a0[dost\u0119p: 23.08.2023].\u00a0<a href=\"https:\/\/scholar.google.com\/scholar?as_q=%22%3Ca%20href=%22https:\/\/www.gosc.pl\/doc\/7994298.Ochrona-wolnosci-religijnej-w-Polsce-stan-prawny-a-rzeczywistosc%22%3Ehttps:\/\/www.gosc.pl\/doc\/7994298.Ochrona-wolnosci-religijnej-w-Polsce-stan-prawny-a-rzeczywistosc%3C\/a%3E%20[dost%C4%99p:%2023.08.2023].%22\" target=\"_blank\" rel=\"noreferrer noopener\">[Google Scholar]<\/a><\/li>\n<\/ol>\n","protected":false},"featured_media":0,"parent":3952,"menu_order":0,"template":"","categories":[18],"class_list":["post-3961","e-czasopismo","type-e-czasopismo","status-publish","hentry","category-artykul-en"],"acf":[],"_links":{"self":[{"href":"https:\/\/ewspa.edu.pl\/en\/wp-json\/wp\/v2\/e-czasopismo\/3961"}],"collection":[{"href":"https:\/\/ewspa.edu.pl\/en\/wp-json\/wp\/v2\/e-czasopismo"}],"about":[{"href":"https:\/\/ewspa.edu.pl\/en\/wp-json\/wp\/v2\/types\/e-czasopismo"}],"up":[{"embeddable":true,"href":"https:\/\/ewspa.edu.pl\/en\/wp-json\/wp\/v2\/e-czasopismo\/3952"}],"wp:attachment":[{"href":"https:\/\/ewspa.edu.pl\/en\/wp-json\/wp\/v2\/media?parent=3961"}],"wp:term":[{"taxonomy":"category","embeddable":true,"href":"https:\/\/ewspa.edu.pl\/en\/wp-json\/wp\/v2\/categories?post=3961"}],"curies":[{"name":"wp","href":"https:\/\/api.w.org\/{rel}","templated":true}]}}