{"id":3087,"date":"2024-06-30T16:56:27","date_gmt":"2024-06-30T14:56:27","guid":{"rendered":"https:\/\/ewspa.edu.pl\/e-czasopismo\/nr-4\/odpowiedzialnosc-prawnika-wyklad-inauguracyjny-wygloszony-22-pazdziernika-2022-r-na-uroczystosci-rozpoczecia-roku-akademickiego-2022-2023-w-europejskiej-wyzszej-szkole-prawa-i-administracji-w-warsza\/"},"modified":"2024-07-04T14:02:56","modified_gmt":"2024-07-04T12:02:56","slug":"odpowiedzialnosc-prawnika-wyklad-inauguracyjny-wygloszony-22-pazdziernika-2022-r-na-uroczystosci-rozpoczecia-roku-akademickiego-2022-2023-w-europejskiej-wyzszej-szkole-prawa-i-administracji-w-warsza","status":"publish","type":"e-czasopismo","link":"https:\/\/ewspa.edu.pl\/en\/e-czasopismo\/nr-4\/odpowiedzialnosc-prawnika-wyklad-inauguracyjny-wygloszony-22-pazdziernika-2022-r-na-uroczystosci-rozpoczecia-roku-akademickiego-2022-2023-w-europejskiej-wyzszej-szkole-prawa-i-administracji-w-warsza\/","title":{"rendered":"Responsibility of a Lawyer: inaugural lecture delivered on October 22, 2022 at the commencement ceremony of the 2022\/2023 academic year of the European University of Law and Administration in Warsaw"},"content":{"rendered":"\n<h3 class=\"wp-block-heading\">Abstract<\/h3>\n\n\n\n<p>The aim of this publication is to present conditions required to establish the responsibility of lawyers as persons holding the position of public trust, focusing on judges and advocates in particular. Whilst focusing on both the historical perspective as well<br>as analysing legal provisions which are currently in force, the author on each occasion comes to the conclusion that there are no ready-made standards defining what conduct offends the dignity of the profession. However, disciplinary sanctions are envisaged not only under the ethical standards but also under the legal provisions.<\/p>\n\n\n\n<h3 class=\"wp-block-heading\">References<\/h3>\n\n\n\n<ol class=\"wp-block-list\">\n<li>Bednaruk W., Trybuna\u0142 Koronny. Szlachecki s\u0105d najwy\u017cszy w latach 1578\u20131794, Lublin 2008. <a href=\"https:\/\/scholar.google.com\/scholar?as_q=%22Bednaruk W., Trybuna\u0142 Koronny. Szlachecki s\u0105d najwy\u017cszy w latach 1578\u20131794, Lublin 2008.%22\" target=\"_blank\" rel=\"noreferrer noopener\">[Google Scholar]<\/a><\/li>\n\n\n\n<li>D\u0105bkowski P., Uwagi prawne w \u00abPanu Tadeuszu\u00bb, \u201eGazeta S\u0105dowa Warszawska\u201d, 1899, nr 4. <a href=\"https:\/\/scholar.google.com\/scholar?as_q=%22D\u0105bkowski P., Uwagi prawne w \u00abPanu Tadeuszu\u00bb, \u201eGazeta S\u0105dowa Warszawska\u201d, 1899, nr 4.%22\" target=\"_blank\" rel=\"noreferrer noopener\">[Google Scholar]<\/a><\/li>\n\n\n\n<li>Ga\u0142ecki S., Sp\u00f3r o sumienie: \u017ar\u00f3d\u0142a i konsekwencje etyki Johna Henry\u2019ego Newmana, Krak\u00f3w 2012. <a href=\"https:\/\/scholar.google.com\/scholar?as_q=%22Ga\u0142ecki S., Sp\u00f3r o sumienie: \u017ar\u00f3d\u0142a i konsekwencje etyki Johna Henry\u2019ego Newmana, Krak\u00f3w 2012.%22\" target=\"_blank\" rel=\"noreferrer noopener\">[Google Scholar]<\/a><\/li>\n\n\n\n<li>Gawron P., Moniuszko A., Pawe\u0142 Gawarski a \u201eprzygotowanie zawodowe\u201d s\u0119dzi\u00f3w ni\u017cszych s\u0105d\u00f3w szlacheckich u schy\u0142ku XVI wieku, \u201eKrakowskie Studia z Historii Pa\u0144stwa i Prawa\u201d, 2015, nr 8(2). <a href=\"https:\/\/scholar.google.com\/scholar?as_q=%22Gawron P., Moniuszko A., Pawe\u0142 Gawarski a \u201eprzygotowanie zawodowe\u201d s\u0119dzi\u00f3w ni\u017cszych s\u0105d\u00f3w szlacheckich u schy\u0142ku XVI wieku, \u201eKrakowskie Studia z Historii Pa\u0144stwa i Prawa\u201d, 2015, nr 8(2).%22\" target=\"_blank\" rel=\"noreferrer noopener\">[Google Scholar]<\/a><\/li>\n\n\n\n<li>Goethe J.W., Faust, Warszawa 1953. <a href=\"https:\/\/scholar.google.com\/scholar?as_q=%22Goethe J.W., Faust, Warszawa 1953.%22\" target=\"_blank\" rel=\"noreferrer noopener\">[Google Scholar]<\/a><\/li>\n\n\n\n<li>Katechizm Ko\u015bcio\u0142a katolickiego, Pallottinum, Pozna\u0144 1994. <a href=\"https:\/\/scholar.google.com\/scholar?as_q=%22Katechizm Ko\u015bcio\u0142a katolickiego, Pallottinum, Pozna\u0144 1994.%22\" target=\"_blank\" rel=\"noreferrer noopener\">[Google Scholar]<\/a><\/li>\n\n\n\n<li>Kozielewicz W., Odpowiedzialno\u015b\u0107 dyscyplinarna s\u0119dzi\u00f3w w \u015bwietle ustawy z 27 lipca 2001 r. Prawo o ustroju s\u0105d\u00f3w powszechnych: kwestie procesowe i materialne, \u201eKrajowa Rada S\u0105downictwa. Kwartalnik\u201d 2017, nr 2. <a href=\"https:\/\/scholar.google.com\/scholar?as_q=%22Kozielewicz W., Odpowiedzialno\u015b\u0107 dyscyplinarna s\u0119dzi\u00f3w w \u015bwietle ustawy z 27 lipca 2001 r. Prawo o ustroju s\u0105d\u00f3w powszechnych: kwestie procesowe i materialne, \u201eKrajowa Rada S\u0105downictwa. Kwartalnik\u201d 2017, nr 2.%22\" target=\"_blank\" rel=\"noreferrer noopener\">[Google Scholar]<\/a><\/li>\n\n\n\n<li>Kulesza W., Czy s\u0119dzia lub prokurator mo\u017ce odpowiada\u0107 za stosowanie prawa? [w:] <a href=\"https:\/\/scholar.google.com\/scholar?as_q=%22Kulesza W., Czy s\u0119dzia lub prokurator mo\u017ce odpowiada\u0107 za stosowanie prawa? [w:]%22\" target=\"_blank\" rel=\"noreferrer noopener\">[Google Scholar]<\/a><\/li>\n\n\n\n<li>A. Grze\u015bkowiak (red.), Prawo karne stanu wojennego, Lublin 2003. <a href=\"https:\/\/scholar.google.com\/scholar?as_q=%22A. Grze\u015bkowiak (red.), Prawo karne stanu wojennego, Lublin 2003.%22\" target=\"_blank\" rel=\"noreferrer noopener\">[Google Scholar]<\/a><\/li>\n\n\n\n<li>Laskowski M., Czy odpowiedzialno\u015b\u0107 dyscyplinarna jest rodzajem odpowiedzialno\u015bci karnej?, \u201eThemis Polska Nova\u201d, 2013, nr 1(4). <a href=\"https:\/\/scholar.google.com\/scholar?as_q=%22Laskowski M., Czy odpowiedzialno\u015b\u0107 dyscyplinarna jest rodzajem odpowiedzialno\u015bci karnej?, \u201eThemis Polska Nova\u201d, 2013, nr 1(4).%22\" target=\"_blank\" rel=\"noreferrer noopener\">[Google Scholar]<\/a><\/li>\n\n\n\n<li>Leo\u0144ski Z., Odpowiedzialno\u015b\u0107 dyscyplinarna w prawie Polski Ludowej, Pozna\u0144 1959. <a href=\"https:\/\/scholar.google.com\/scholar?as_q=%22Leo\u0144ski Z., Odpowiedzialno\u015b\u0107 dyscyplinarna w prawie Polski Ludowej, Pozna\u0144 1959.%22\" target=\"_blank\" rel=\"noreferrer noopener\">[Google Scholar]<\/a><\/li>\n\n\n\n<li>Liszcz T., Aksjologiczne podstawy prawa pracy. Zarys problematyki, Lublin 2018. <a href=\"https:\/\/scholar.google.com\/scholar?as_q=%22Liszcz T., Aksjologiczne podstawy prawa pracy. Zarys problematyki, Lublin 2018.%22\" target=\"_blank\" rel=\"noreferrer noopener\">[Google Scholar]<\/a><\/li>\n\n\n\n<li>Lubi\u0144ski K., Konstytucyjne poj\u0119cie zawodu zaufania publicznego [w:] Aequitas sequitur legem. Ksi\u0119ga jubileuszowa z okazji 75. urodzin Profesora Andrzeja Zieli\u0144skiego, K. Flaga-Gieruszy\u0144ska, G. J\u0119drejek (red.), Warszawa 2014. <a href=\"https:\/\/scholar.google.com\/scholar?as_q=%22Lubi\u0144ski K., Konstytucyjne poj\u0119cie zawodu zaufania publicznego [w:] Aequitas sequitur legem. Ksi\u0119ga jubileuszowa z okazji 75. urodzin Profesora Andrzeja Zieli\u0144skiego, K. Flaga-Gieruszy\u0144ska, G. J\u0119drejek (red.), Warszawa 2014.%22\" target=\"_blank\" rel=\"noreferrer noopener\">[Google Scholar]<\/a><\/li>\n\n\n\n<li>\u0141azarska A., Gwarancje swobody sumienia s\u0119dziego w procesie cywilnym, \u201eStudia Prawnicze\u201d, 2008, nr 3. <a href=\"https:\/\/scholar.google.com\/scholar?as_q=%22\u0141azarska A., Gwarancje swobody sumienia s\u0119dziego w procesie cywilnym, \u201eStudia Prawnicze\u201d, 2008, nr 3.%22\" target=\"_blank\" rel=\"noreferrer noopener\">[Google Scholar]<\/a><\/li>\n\n\n\n<li>Maisel T., Trybuna\u0142 Koronny w \u015bwietle laud\u00f3w sejmikowych i konstytucji koronnych, \u201eCzasopismo Prawno-Historyczne\u201d, 1982, nr 2. <a href=\"https:\/\/scholar.google.com\/scholar?as_q=%22Maisel T., Trybuna\u0142 Koronny w \u015bwietle laud\u00f3w sejmikowych i konstytucji koronnych, \u201eCzasopismo Prawno-Historyczne\u201d, 1982, nr 2.%22\" target=\"_blank\" rel=\"noreferrer noopener\">[Google Scholar]<\/a><\/li>\n\n\n\n<li>Migda\u0142 J., Prawo Kodeksu karz\u0105cego dla Kr\u00f3lestwa Polskiego z 1818 roku, Gda\u0144sk 2006. <a href=\"https:\/\/scholar.google.com\/scholar?as_q=%22Migda\u0142 J., Prawo Kodeksu karz\u0105cego dla Kr\u00f3lestwa Polskiego z 1818 roku, Gda\u0144sk 2006.%22\" target=\"_blank\" rel=\"noreferrer noopener\">[Google Scholar]<\/a><\/li>\n\n\n\n<li>Moniuszko A., Mazowieckie s\u0105dy ziemskie (1588\u20131648): organizacja\u2013funkcjonowanie\u2013post\u0119powanie, Warszawa 2013. <a href=\"https:\/\/scholar.google.com\/scholar?as_q=%22Moniuszko A., Mazowieckie s\u0105dy ziemskie (1588\u20131648): organizacja\u2013funkcjonowanie\u2013post\u0119powanie, Warszawa 2013.%22\" target=\"_blank\" rel=\"noreferrer noopener\">[Google Scholar]<\/a><\/li>\n\n\n\n<li>Orzechowski S., Rozmowa albo dyjalog oko\u0142o egzekucyjej Polskiej Korony, 1567. <a href=\"https:\/\/scholar.google.com\/scholar?as_q=%22Orzechowski S., Rozmowa albo dyjalog oko\u0142o egzekucyjej Polskiej Korony, 1567.%22\" target=\"_blank\" rel=\"noreferrer noopener\">[Google Scholar]<\/a><\/li>\n\n\n\n<li>Osm\u00f3lska-M\u0119trak A., Alma Mater Studiorum, \u201eWiedza i \u017bycie\u201d, 1999, tom 5. <a href=\"https:\/\/scholar.google.com\/scholar?as_q=%22Osm\u00f3lska-M\u0119trak A., Alma Mater Studiorum, \u201eWiedza i \u017bycie\u201d, 1999, tom 5.%22\" target=\"_blank\" rel=\"noreferrer noopener\">[Google Scholar]<\/a><\/li>\n\n\n\n<li>Palmirski T., Prawnokarna odpowiedzialno\u015b\u0107 s\u0119dziego \u017ale wype\u0142niaj\u0105cego swoje officium, \u201eZeszyty Prawnicze Uniwersytetu Kardyna\u0142a Stefana Wyszy\u0144skiego\u201d, 2004, z. 4. <a href=\"https:\/\/scholar.google.com\/scholar?as_q=%22Palmirski T., Prawnokarna odpowiedzialno\u015b\u0107 s\u0119dziego \u017ale wype\u0142niaj\u0105cego swoje officium, \u201eZeszyty Prawnicze Uniwersytetu Kardyna\u0142a Stefana Wyszy\u0144skiego\u201d, 2004, z. 4.%22\" target=\"_blank\" rel=\"noreferrer noopener\">[Google Scholar]<\/a><\/li>\n\n\n\n<li>Rafacz J., Nagana s\u0119dziego w dawnym procesie polskim, Lublin 1921. <a href=\"https:\/\/scholar.google.com\/scholar?as_q=%22Rafacz J., Nagana s\u0119dziego w dawnym procesie polskim, Lublin 1921.%22\" target=\"_blank\" rel=\"noreferrer noopener\">[Google Scholar]<\/a><\/li>\n\n\n\n<li>Ruff J., Dyscyplina adwokatury, \u201ePalestra\u201d, 1938, nr 7\u20138. <a href=\"https:\/\/scholar.google.com\/scholar?as_q=%22Ruff J., Dyscyplina adwokatury, \u201ePalestra\u201d, 1938, nr 7\u20138.%22\" target=\"_blank\" rel=\"noreferrer noopener\">[Google Scholar]<\/a><\/li>\n\n\n\n<li>Skuczy\u0144ski P., Sykuna S., Leksykon etyki prawniczej: 100 podstawowych poj\u0119\u0107, Warszawa 2013. <a href=\"https:\/\/scholar.google.com\/scholar?as_q=%22Skuczy\u0144ski P., Sykuna S., Leksykon etyki prawniczej: 100 podstawowych poj\u0119\u0107, Warszawa 2013.%22\" target=\"_blank\" rel=\"noreferrer noopener\">[Google Scholar]<\/a><\/li>\n\n\n\n<li>Sondel J., Nauczanie prawa rzymskiego w Polsce w okresie O\u015bwiecenia, \u201eCzasopismo Prawno-Historyczne\u201d, 1988, nr 40. <a href=\"https:\/\/scholar.google.com\/scholar?as_q=%22Sondel J., Nauczanie prawa rzymskiego w Polsce w okresie O\u015bwiecenia, \u201eCzasopismo Prawno-Historyczne\u201d, 1988, nr 40.%22\" target=\"_blank\" rel=\"noreferrer noopener\">[Google Scholar]<\/a><\/li>\n\n\n\n<li>Sczaniecki M., Powszechna historia pa\u0144stwa i prawa, Warszawa 2003. <a href=\"https:\/\/scholar.google.com\/scholar?as_q=%22Sczaniecki M., Powszechna historia pa\u0144stwa i prawa, Warszawa 2003.%22\" target=\"_blank\" rel=\"noreferrer noopener\">[Google Scholar]<\/a><\/li>\n\n\n\n<li>Vetulani A., Opory wobec prawa rzymskiego w dawnej Polsce, \u201eAnalecta Cracoviensia\u201d, 1969, nr 1. <a href=\"https:\/\/scholar.google.com\/scholar?as_q=%22Vetulani A., Opory wobec prawa rzymskiego w dawnej Polsce, \u201eAnalecta Cracoviensia\u201d, 1969, nr 1.%22\" target=\"_blank\" rel=\"noreferrer noopener\">[Google Scholar]<\/a><\/li>\n\n\n\n<li>Wr\u00f3bel W., Zoll A., Polskie prawo karne. Cz\u0119\u015b\u0107 og\u00f3lna, Krak\u00f3w 2010. <a href=\"https:\/\/scholar.google.com\/scholar?as_q=%22Wr\u00f3bel W., Zoll A., Polskie prawo karne. Cz\u0119\u015b\u0107 og\u00f3lna, Krak\u00f3w 2010.%22\" target=\"_blank\" rel=\"noreferrer noopener\">[Google Scholar]<\/a><\/li>\n\n\n\n<li>Zubik M., Status prawny s\u0119dziego Trybuna\u0142u Konstytucyjnego, Warszawa 2011. <a href=\"https:\/\/scholar.google.com\/scholar?as_q=%22Zubik M., Status prawny s\u0119dziego Trybuna\u0142u Konstytucyjnego, Warszawa 2011.%22\" target=\"_blank\" rel=\"noreferrer noopener\">[Google Scholar]<\/a><\/li>\n<\/ol>\n","protected":false},"featured_media":0,"parent":2799,"menu_order":0,"template":"","categories":[18],"class_list":["post-3087","e-czasopismo","type-e-czasopismo","status-publish","hentry","category-artykul-en"],"acf":[],"_links":{"self":[{"href":"https:\/\/ewspa.edu.pl\/en\/wp-json\/wp\/v2\/e-czasopismo\/3087"}],"collection":[{"href":"https:\/\/ewspa.edu.pl\/en\/wp-json\/wp\/v2\/e-czasopismo"}],"about":[{"href":"https:\/\/ewspa.edu.pl\/en\/wp-json\/wp\/v2\/types\/e-czasopismo"}],"up":[{"embeddable":true,"href":"https:\/\/ewspa.edu.pl\/en\/wp-json\/wp\/v2\/e-czasopismo\/2799"}],"wp:attachment":[{"href":"https:\/\/ewspa.edu.pl\/en\/wp-json\/wp\/v2\/media?parent=3087"}],"wp:term":[{"taxonomy":"category","embeddable":true,"href":"https:\/\/ewspa.edu.pl\/en\/wp-json\/wp\/v2\/categories?post=3087"}],"curies":[{"name":"wp","href":"https:\/\/api.w.org\/{rel}","templated":true}]}}