{"id":2972,"date":"2024-06-30T17:06:27","date_gmt":"2024-06-30T15:06:27","guid":{"rendered":"https:\/\/ewspa.edu.pl\/e-czasopismo\/nr-3\/kilka-uwag-o-przywroceniu-uprzywilejowanego-warunkowego-przedterminowego-zwolnienia\/"},"modified":"2024-07-03T19:01:56","modified_gmt":"2024-07-03T17:01:56","slug":"kilka-uwag-o-przywroceniu-uprzywilejowanego-warunkowego-przedterminowego-zwolnienia","status":"publish","type":"e-czasopismo","link":"https:\/\/ewspa.edu.pl\/en\/e-czasopismo\/nr-3\/kilka-uwag-o-przywroceniu-uprzywilejowanego-warunkowego-przedterminowego-zwolnienia\/","title":{"rendered":"Some Remarks on the Reinstatement of Privileged Conditional Early Release"},"content":{"rendered":"\n<h3 class=\"wp-block-heading\">Abstract<\/h3>\n\n\n\n<p>Referring to the gathered statistical data, Author presents considerations on the legitimacy of restoring the institution of privileged conditional early release in the Polish legal system. The main point for the considerations are the provisions of the Penal Code, which are no longer in force, which have been juxtaposed with the currently functioning provisions and the currently applicable directives of penal executive proceedings, relating to the regulation of the rights of convicted persons and affecting the improvement of the process of their social rehabilitation, both within penitentiary isolation and outside from it.<\/p>\n\n\n\n<h3 class=\"wp-block-heading\">References<\/h3>\n\n\n\n<ol class=\"wp-block-list\">\n<li>Andrejew I., \u015awida W., Wolter W., Kodeks karny z komentarzem, Warszawa 1973. <a href=\"https:\/\/scholar.google.com\/scholar?as_q=%22Andrejew I., \u015awida W., Wolter W., Kodeks karny z komentarzem, Warszawa 1973.%22\" target=\"_blank\" rel=\"noreferrer noopener\">[Google Scholar]<\/a><\/li>\n\n\n\n<li>Bafia J., Polskie prawo karne, Warszawa 1989. <a href=\"https:\/\/scholar.google.com\/scholar?as_q=%22Bafia J., Polskie prawo karne, Warszawa 1989.%22\" target=\"_blank\" rel=\"noreferrer noopener\">[Google Scholar]<\/a><\/li>\n\n\n\n<li>Bafia J., Mioduski K., Siewierski M., Kodeks karny. Komentarz, tom 1. Cz\u0119\u015b\u0107 og\u00f3lna, Warszawa 1987. <a href=\"https:\/\/scholar.google.com\/scholar?as_q=%22Bafia J., Mioduski K., Siewierski M., Kodeks karny. Komentarz, tom 1. Cz\u0119\u015b\u0107 og\u00f3lna, Warszawa 1987.%22\" target=\"_blank\" rel=\"noreferrer noopener\">[Google Scholar]<\/a><\/li>\n\n\n\n<li>Bojarski T., Gimbut A., Gofro\u0144 C., W\u0105sek A., Wojciechowski J., Prawo karne, Lublin 1994. <a href=\"https:\/\/scholar.google.com\/scholar?as_q=%22Bojarski T., Gimbut A., Gofro\u0144 C., W\u0105sek A., Wojciechowski J., Prawo karne, Lublin 1994.%22\" target=\"_blank\" rel=\"noreferrer noopener\">[Google Scholar]<\/a><\/li>\n\n\n\n<li>Bucha\u0142a K., Niekt\u00f3re problemy przedterminowego warunkowego zwolnienia (w zwi\u0105zku z ostatni\u0105 nowelizacj\u0105 kodeksu karnego), \u201ePa\u0144stwo i Prawo\u201d 1988, 12. <a href=\"https:\/\/scholar.google.com\/scholar?as_q=%22Bucha\u0142a K., Niekt\u00f3re problemy przedterminowego warunkowego zwolnienia (w zwi\u0105zku z ostatni\u0105 nowelizacj\u0105 kodeksu karnego), \u201ePa\u0144stwo i Prawo\u201d 1988, 12.%22\" target=\"_blank\" rel=\"noreferrer noopener\">[Google Scholar]<\/a><\/li>\n\n\n\n<li>Christie N., Limits to pain, Oxford 1982. <a href=\"https:\/\/scholar.google.com\/scholar?as_q=%22Christie N., Limits to pain, Oxford 1982.%22\" target=\"_blank\" rel=\"noreferrer noopener\">[Google Scholar]<\/a><\/li>\n\n\n\n<li>Do\u015bwiadczenia i perspektywy systemu penitencjarnego w Polsce, pod red. T. Szymanowskiego i A. Rzepli\u0144skiego, Warszawa 1987. <a href=\"https:\/\/scholar.google.com\/scholar?as_q=%22Do\u015bwiadczenia i perspektywy systemu penitencjarnego w Polsce, pod red. T. Szymanowskiego i A. Rzepli\u0144skiego, Warszawa 1987.%22\" target=\"_blank\" rel=\"noreferrer noopener\">[Google Scholar]<\/a><\/li>\n\n\n\n<li>Dukiet-Nag\u00f3rska T., Prawo karne. Cz\u0119\u015b\u0107 og\u00f3lna, szczeg\u00f3lna i wojskowa, pod red. T. Dukiet-Nag\u00f3rskiej, Warszawa 2016. <a href=\"https:\/\/scholar.google.com\/scholar?as_q=%22Dukiet-Nag\u00f3rska T., Prawo karne. Cz\u0119\u015b\u0107 og\u00f3lna, szczeg\u00f3lna i wojskowa, pod red. T. Dukiet-Nag\u00f3rskiej, Warszawa 2016.%22\" target=\"_blank\" rel=\"noreferrer noopener\">[Google Scholar]<\/a><\/li>\n\n\n\n<li>Gardocki L., Prawo karne, wyd. 17, Warszawa 2011. <a href=\"https:\/\/scholar.google.com\/scholar?as_q=%22Gardocki L., Prawo karne, wyd. 17, Warszawa 2011.%22\" target=\"_blank\" rel=\"noreferrer noopener\">[Google Scholar]<\/a><\/li>\n\n\n\n<li>Ksi\u0119ga pami\u0105tkowa Pana Profesora H. Rajzmana, Annales Universitatis Mariae <a href=\"https:\/\/scholar.google.com\/scholar?as_q=%22Ksi\u0119ga pami\u0105tkowa Pana Profesora H. Rajzmana, Annales Universitatis Mariae%22\" target=\"_blank\" rel=\"noreferrer noopener\">[Google Scholar]<\/a><\/li>\n\n\n\n<li>Curie-Sk\u0142odowska, Lublin 1984. <a href=\"https:\/\/scholar.google.com\/scholar?as_q=%22Curie-Sk\u0142odowska, Lublin 1984.%22\" target=\"_blank\" rel=\"noreferrer noopener\">[Google Scholar]<\/a><\/li>\n\n\n\n<li>Marek A., Prawo karne. Cz\u0119\u015b\u0107 og\u00f3lna, Bydgoszcz 1992. <a href=\"https:\/\/scholar.google.com\/scholar?as_q=%22Marek A., Prawo karne. Cz\u0119\u015b\u0107 og\u00f3lna, Bydgoszcz 1992.%22\" target=\"_blank\" rel=\"noreferrer noopener\">[Google Scholar]<\/a><\/li>\n\n\n\n<li>Marek A., Filar M., Grze\u015bkowiak A., Gajdus D., P\u0142ywaczewski E., Prawo karne. Zagadnienia teorii i praktyki, pod red. A. Marka, Warszawa 1986. <a href=\"https:\/\/scholar.google.com\/scholar?as_q=%22Marek A., Filar M., Grze\u015bkowiak A., Gajdus D., P\u0142ywaczewski E., Prawo karne. Zagadnienia teorii i praktyki, pod red. A. Marka, Warszawa 1986.%22\" target=\"_blank\" rel=\"noreferrer noopener\">[Google Scholar]<\/a><\/li>\n\n\n\n<li>Marek A., Grze\u015bkowiak A., Filar M., Zarys prawa karnego, Toru\u0144 1976. <a href=\"https:\/\/scholar.google.com\/scholar?as_q=%22Marek A., Grze\u015bkowiak A., Filar M., Zarys prawa karnego, Toru\u0144 1976.%22\" target=\"_blank\" rel=\"noreferrer noopener\">[Google Scholar]<\/a><\/li>\n\n\n\n<li>Naw\u00f3j-\u015aleszy\u0144ski A., Populacja wi\u0119zienna w Polsce po nowelizacji systemu prawa karnego ustaw\u0105 z 20 lutego 2015 r., \u201eNowa Kodyfikacja Prawa Karnego\u201d 2018, 48. <a href=\"https:\/\/scholar.google.com\/scholar?as_q=%22Naw\u00f3j-\u015aleszy\u0144ski A., Populacja wi\u0119zienna w Polsce po nowelizacji systemu prawa karnego ustaw\u0105 z 20 lutego 2015 r., \u201eNowa Kodyfikacja Prawa Karnego\u201d 2018, 48.%22\" target=\"_blank\" rel=\"noreferrer noopener\">[Google Scholar]<\/a><\/li>\n\n\n\n<li>Naw\u00f3j-\u015aleszy\u0144ski A., Rozmiary i zr\u00f3\u017cnicowanie populacji wi\u0119ziennej w Polsce w okresie obowi\u0105zywania ustawodawstwa karno-wykonawczego[!] z 1997 roku, \u201eNowa Kodyfikacja Prawa Karnego\u201d 2019, 54. <a href=\"https:\/\/scholar.google.com\/scholar?as_q=%22Naw\u00f3j-\u015aleszy\u0144ski A., Rozmiary i zr\u00f3\u017cnicowanie populacji wi\u0119ziennej w Polsce w okresie obowi\u0105zywania ustawodawstwa karno-wykonawczego[!] z 1997 roku, \u201eNowa Kodyfikacja Prawa Karnego\u201d 2019, 54.%22\" target=\"_blank\" rel=\"noreferrer noopener\">[Google Scholar]<\/a><\/li>\n\n\n\n<li>O prawo karne oparte na zasadach sprawiedliwo\u015bci, prawach cz\u0142owieka i mi\u0142osierdziu, red. A. Strzembosz, Lublin 1988. <a href=\"https:\/\/scholar.google.com\/scholar?as_q=%22O prawo karne oparte na zasadach sprawiedliwo\u015bci, prawach cz\u0142owieka i mi\u0142osierdziu, red. A. Strzembosz, Lublin 1988.%22\" target=\"_blank\" rel=\"noreferrer noopener\">[Google Scholar]<\/a><\/li>\n\n\n\n<li>Prawo w dzia\u0142aniu. Sprawy karne, pod red. \u0141ukasza Pohla, IWS 2023, 53 [wersja elektroniczna]. <a href=\"https:\/\/scholar.google.com\/scholar?as_q=%22Prawo w dzia\u0142aniu. Sprawy karne, pod red. \u0141ukasza Pohla, IWS 2023, 53 [wersja elektroniczna].%22\" target=\"_blank\" rel=\"noreferrer noopener\">[Google Scholar]<\/a><\/li>\n\n\n\n<li>Raport z 21 maja 2019 r., badanie SPACE II Rady Europy, Probation and Prisons in Europe, 2018. <a href=\"https:\/\/scholar.google.com\/scholar?as_q=%22Raport z 21 maja 2019 r., badanie SPACE II Rady Europy, Probation and Prisons in Europe, 2018.%22\" target=\"_blank\" rel=\"noreferrer noopener\">[Google Scholar]<\/a><\/li>\n\n\n\n<li>Sikora J., Problemy resocjalizacji w \u015bwietle bada\u0144 psychologicznych, Warszawa 1978. <a href=\"https:\/\/scholar.google.com\/scholar?as_q=%22Sikora J., Problemy resocjalizacji w \u015bwietle bada\u0144 psychologicznych, Warszawa 1978.%22\" target=\"_blank\" rel=\"noreferrer noopener\">[Google Scholar]<\/a><\/li>\n\n\n\n<li>\u015aliwowski J., Prawo karne, wyd. 2, Warszawa 1979. <a href=\"https:\/\/scholar.google.com\/scholar?as_q=%22\u015aliwowski J., Prawo karne, wyd. 2, Warszawa 1979.%22\" target=\"_blank\" rel=\"noreferrer noopener\">[Google Scholar]<\/a><\/li>\n\n\n\n<li>Uchwa\u0142a Izby Karnej S\u0105du Najwy\u017cszego z 18 kwietnia 1991 r., KZP 4\/91. <a href=\"https:\/\/scholar.google.com\/scholar?as_q=%22Uchwa\u0142a Izby Karnej S\u0105du Najwy\u017cszego z 18 kwietnia 1991 r., KZP 4\/91.%22\" target=\"_blank\" rel=\"noreferrer noopener\">[Google Scholar]<\/a><\/li>\n\n\n\n<li>Uzasadnienie do projektu kodeksu karnego, \u201ePa\u0144stwo i Prawo\u201d 1994, 31. <a href=\"https:\/\/scholar.google.com\/scholar?as_q=%22Uzasadnienie do projektu kodeksu karnego, \u201ePa\u0144stwo i Prawo\u201d 1994, 31.%22\" target=\"_blank\" rel=\"noreferrer noopener\">[Google Scholar]<\/a><\/li>\n\n\n\n<li>Zas\u0119pa B., Prognozy demograficzne dla Polski do roku 2050 \u2013 analiza wybranych aspekt\u00f3w starzenia si\u0119 populacji, \u201eStudia Politicae Silesiensis\u201d 2015, 14. <a href=\"https:\/\/scholar.google.com\/scholar?as_q=%22Zas\u0119pa B., Prognozy demograficzne dla Polski do roku 2050 \u2013 analiza wybranych aspekt\u00f3w starzenia si\u0119 populacji, \u201eStudia Politicae Silesiensis\u201d 2015, 14.%22\" target=\"_blank\" rel=\"noreferrer noopener\">[Google Scholar]<\/a><\/li>\n<\/ol>\n","protected":false},"featured_media":0,"parent":2795,"menu_order":0,"template":"","categories":[18],"class_list":["post-2972","e-czasopismo","type-e-czasopismo","status-publish","hentry","category-artykul-en"],"acf":[],"_links":{"self":[{"href":"https:\/\/ewspa.edu.pl\/en\/wp-json\/wp\/v2\/e-czasopismo\/2972"}],"collection":[{"href":"https:\/\/ewspa.edu.pl\/en\/wp-json\/wp\/v2\/e-czasopismo"}],"about":[{"href":"https:\/\/ewspa.edu.pl\/en\/wp-json\/wp\/v2\/types\/e-czasopismo"}],"up":[{"embeddable":true,"href":"https:\/\/ewspa.edu.pl\/en\/wp-json\/wp\/v2\/e-czasopismo\/2795"}],"wp:attachment":[{"href":"https:\/\/ewspa.edu.pl\/en\/wp-json\/wp\/v2\/media?parent=2972"}],"wp:term":[{"taxonomy":"category","embeddable":true,"href":"https:\/\/ewspa.edu.pl\/en\/wp-json\/wp\/v2\/categories?post=2972"}],"curies":[{"name":"wp","href":"https:\/\/api.w.org\/{rel}","templated":true}]}}